{"id":1536,"date":"2020-08-25T11:47:24","date_gmt":"2020-08-25T10:47:24","guid":{"rendered":"https:\/\/redes.unb.br\/?post_type=tribe_events&#038;p=1536"},"modified":"2022-03-11T15:00:14","modified_gmt":"2022-03-11T14:00:14","slug":"chamada-publica-no-cade-002-2020-prorrogacao","status":"publish","type":"tribe_events","link":"https:\/\/redes.unb.br\/index.php\/event\/chamada-publica-no-cade-002-2020-prorrogacao\/","title":{"rendered":"Chamada P\u00fablica n\u00ba CADE-001\/2020 \u2013 Prorroga\u00e7\u00e3o"},"content":{"rendered":"<p align=\"justify\">Prorroga\u00e7\u00e3o da Chamada P\u00fablica N\u00ba CADE-001\/2020. SELE\u00c7\u00c3O DE PESQUISADORES PARA O PROJETO: &#8220;PESQUISA APLICADA COM FUNDAMENTO NO ESTUDO DE NECESSIDADES, AN\u00c1LISE INFORMACIONAL, CONCEP\u00c7\u00c3O, PROTOTIPA\u00c7\u00c3O E EXPERIMENTA\u00c7\u00c3O COM VISTAS \u00c0 INOVA\u00c7\u00c3O TECNOL\u00d3GICA E DE PROCESSOS NO DOM\u00cdNIO DA DEFESA ECON\u00d4MICA PARA O CONSELHO ADMINISTRATIVO DE DEFESA ECON\u00d4MICA &#8211; CADE&#8221;<\/p>\n<ol>\n<li><a href=\"https:\/\/redes.unb.br\/wp-content\/uploads\/2020\/01\/20200120-EDITAL-Chamada-Publica-UNB-CADE-2020-final.pdf\">Chamada Publica CADE-001\/2020<\/a><\/li>\n<li><a href=\"https:\/\/redes.unb.br\/wp-content\/uploads\/2020\/08\/20200821 EDITAL-Chamada Publica UNB-CADE-2020-Prorrogacao.pdf\">Chamada Publica CADE-001\/2020 &#8211; PRORROGA\u00c7\u00c3O at\u00e9 31\/12\/2020<\/a><\/li>\n<li><a href=\"https:\/\/redes.unb.br\/wp-content\/uploads\/2022\/03\/Publicacao-CADE.pdf\">Sele\u00e7\u00e3o candidatos CADE \u00a0&#8211; Consolidado 01\/2022 &#8211; ATUAL<\/a><\/li>\n<\/ol>\n","protected":false},"excerpt":{"rendered":"<p>Prorroga\u00e7\u00e3o da Chamada P\u00fablica N\u00ba CADE-001\/2020. SELE\u00c7\u00c3O DE PESQUISADORES PARA O PROJETO: &#8220;PESQUISA APLICADA COM FUNDAMENTO NO ESTUDO DE NECESSIDADES, AN\u00c1LISE INFORMACIONAL, CONCEP\u00c7\u00c3O, PROTOTIPA\u00c7\u00c3O E EXPERIMENTA\u00c7\u00c3O COM VISTAS \u00c0 INOVA\u00c7\u00c3O [&hellip;]<\/p>\n","protected":false},"author":1,"featured_media":1435,"template":"","meta":{"_acf_changed":false,"_tribe_events_status":"","_tribe_events_status_reason":"","footnotes":""},"tags":[],"tribe_events_cat":[24],"class_list":["post-1536","tribe_events","type-tribe_events","status-publish","has-post-thumbnail","hentry","tribe_events_cat-champub","cat_champub"],"blocksy_meta":[],"acf":[],"yoast_head":"<!-- This site is optimized with the Yoast SEO plugin v25.9 - https:\/\/yoast.com\/wordpress\/plugins\/seo\/ -->\n<title>Chamada P\u00fablica n\u00ba CADE-001\/2020 \u2013 Prorroga\u00e7\u00e3o - Engenharia de Redes de Comunica\u00e7\u00e3o<\/title>\n<meta name=\"robots\" content=\"index, follow, max-snippet:-1, max-image-preview:large, max-video-preview:-1\" \/>\n<link rel=\"canonical\" href=\"https:\/\/redes.unb.br\/index.php\/event\/chamada-publica-no-cade-002-2020-prorrogacao\/\" \/>\n<meta property=\"og:locale\" content=\"pt_BR\" \/>\n<meta property=\"og:type\" content=\"article\" \/>\n<meta property=\"og:title\" content=\"Chamada P\u00fablica n\u00ba CADE-001\/2020 \u2013 Prorroga\u00e7\u00e3o - Engenharia de Redes de Comunica\u00e7\u00e3o\" \/>\n<meta property=\"og:description\" content=\"Prorroga\u00e7\u00e3o da Chamada P\u00fablica N\u00ba CADE-001\/2020. SELE\u00c7\u00c3O DE PESQUISADORES PARA O PROJETO: &#8220;PESQUISA APLICADA COM FUNDAMENTO NO ESTUDO DE NECESSIDADES, AN\u00c1LISE INFORMACIONAL, CONCEP\u00c7\u00c3O, PROTOTIPA\u00c7\u00c3O E EXPERIMENTA\u00c7\u00c3O COM VISTAS \u00c0 INOVA\u00c7\u00c3O [&hellip;]\" \/>\n<meta property=\"og:url\" content=\"https:\/\/redes.unb.br\/index.php\/event\/chamada-publica-no-cade-002-2020-prorrogacao\/\" \/>\n<meta property=\"og:site_name\" content=\"Engenharia de Redes de Comunica\u00e7\u00e3o\" \/>\n<meta property=\"article:modified_time\" content=\"2022-03-11T14:00:14+00:00\" \/>\n<meta property=\"og:image\" content=\"https:\/\/redes.unb.br\/wp-content\/uploads\/2020\/01\/cade-logo-e1630448505761.png\" \/>\n\t<meta property=\"og:image:width\" content=\"512\" \/>\n\t<meta property=\"og:image:height\" content=\"163\" \/>\n\t<meta property=\"og:image:type\" content=\"image\/png\" \/>\n<meta name=\"twitter:card\" content=\"summary_large_image\" \/>\n<script type=\"application\/ld+json\" class=\"yoast-schema-graph\">{\"@context\":\"https:\/\/schema.org\",\"@graph\":[{\"@type\":\"WebPage\",\"@id\":\"https:\/\/redes.unb.br\/index.php\/event\/chamada-publica-no-cade-002-2020-prorrogacao\/\",\"url\":\"https:\/\/redes.unb.br\/index.php\/event\/chamada-publica-no-cade-002-2020-prorrogacao\/\",\"name\":\"Chamada P\u00fablica n\u00ba CADE-001\/2020 \u2013 Prorroga\u00e7\u00e3o - Engenharia de Redes de Comunica\u00e7\u00e3o\",\"isPartOf\":{\"@id\":\"https:\/\/redes.unb.br\/#website\"},\"primaryImageOfPage\":{\"@id\":\"https:\/\/redes.unb.br\/index.php\/event\/chamada-publica-no-cade-002-2020-prorrogacao\/#primaryimage\"},\"image\":{\"@id\":\"https:\/\/redes.unb.br\/index.php\/event\/chamada-publica-no-cade-002-2020-prorrogacao\/#primaryimage\"},\"thumbnailUrl\":\"https:\/\/redes.unb.br\/wp-content\/uploads\/2020\/01\/cade-logo-e1630448505761.png\",\"datePublished\":\"2020-08-25T10:47:24+00:00\",\"dateModified\":\"2022-03-11T14:00:14+00:00\",\"breadcrumb\":{\"@id\":\"https:\/\/redes.unb.br\/index.php\/event\/chamada-publica-no-cade-002-2020-prorrogacao\/#breadcrumb\"},\"inLanguage\":\"pt-BR\",\"potentialAction\":[{\"@type\":\"ReadAction\",\"target\":[\"https:\/\/redes.unb.br\/index.php\/event\/chamada-publica-no-cade-002-2020-prorrogacao\/\"]}]},{\"@type\":\"ImageObject\",\"inLanguage\":\"pt-BR\",\"@id\":\"https:\/\/redes.unb.br\/index.php\/event\/chamada-publica-no-cade-002-2020-prorrogacao\/#primaryimage\",\"url\":\"https:\/\/redes.unb.br\/wp-content\/uploads\/2020\/01\/cade-logo-e1630448505761.png\",\"contentUrl\":\"https:\/\/redes.unb.br\/wp-content\/uploads\/2020\/01\/cade-logo-e1630448505761.png\",\"width\":512,\"height\":163},{\"@type\":\"BreadcrumbList\",\"@id\":\"https:\/\/redes.unb.br\/index.php\/event\/chamada-publica-no-cade-002-2020-prorrogacao\/#breadcrumb\",\"itemListElement\":[{\"@type\":\"ListItem\",\"position\":1,\"name\":\"Home\",\"item\":\"https:\/\/redes.unb.br\/\"},{\"@type\":\"ListItem\",\"position\":2,\"name\":\"Eventos\",\"item\":\"https:\/\/redes.unb.br\/index.php\/events\/\"},{\"@type\":\"ListItem\",\"position\":3,\"name\":\"Chamada P\u00fablica n\u00ba CADE-001\/2020 \u2013 Prorroga\u00e7\u00e3o\"}]},{\"@type\":\"WebSite\",\"@id\":\"https:\/\/redes.unb.br\/#website\",\"url\":\"https:\/\/redes.unb.br\/\",\"name\":\"Engenharia de Redes de Comunica\u00e7\u00e3o\",\"description\":\"UnB - Engenharia de Redes de Comunica\u00e7\u00e3o\",\"publisher\":{\"@id\":\"https:\/\/redes.unb.br\/#organization\"},\"potentialAction\":[{\"@type\":\"SearchAction\",\"target\":{\"@type\":\"EntryPoint\",\"urlTemplate\":\"https:\/\/redes.unb.br\/?s={search_term_string}\"},\"query-input\":{\"@type\":\"PropertyValueSpecification\",\"valueRequired\":true,\"valueName\":\"search_term_string\"}}],\"inLanguage\":\"pt-BR\"},{\"@type\":\"Organization\",\"@id\":\"https:\/\/redes.unb.br\/#organization\",\"name\":\"Engenharia de Redes de Comunica\u00e7\u00e3o\",\"url\":\"https:\/\/redes.unb.br\/\",\"logo\":{\"@type\":\"ImageObject\",\"inLanguage\":\"pt-BR\",\"@id\":\"https:\/\/redes.unb.br\/#\/schema\/logo\/image\/\",\"url\":\"https:\/\/redes.unb.br\/wp-content\/uploads\/2021\/03\/logoERC2021v3-e1618507382294.png\",\"contentUrl\":\"https:\/\/redes.unb.br\/wp-content\/uploads\/2021\/03\/logoERC2021v3-e1618507382294.png\",\"width\":553,\"height\":240,\"caption\":\"Engenharia de Redes de Comunica\u00e7\u00e3o\"},\"image\":{\"@id\":\"https:\/\/redes.unb.br\/#\/schema\/logo\/image\/\"}}]}<\/script>\n<!-- \/ Yoast SEO plugin. -->","yoast_head_json":{"title":"Chamada P\u00fablica n\u00ba CADE-001\/2020 \u2013 Prorroga\u00e7\u00e3o - Engenharia de Redes de Comunica\u00e7\u00e3o","robots":{"index":"index","follow":"follow","max-snippet":"max-snippet:-1","max-image-preview":"max-image-preview:large","max-video-preview":"max-video-preview:-1"},"canonical":"https:\/\/redes.unb.br\/index.php\/event\/chamada-publica-no-cade-002-2020-prorrogacao\/","og_locale":"pt_BR","og_type":"article","og_title":"Chamada P\u00fablica n\u00ba CADE-001\/2020 \u2013 Prorroga\u00e7\u00e3o - Engenharia de Redes de Comunica\u00e7\u00e3o","og_description":"Prorroga\u00e7\u00e3o da Chamada P\u00fablica N\u00ba CADE-001\/2020. SELE\u00c7\u00c3O DE PESQUISADORES PARA O PROJETO: &#8220;PESQUISA APLICADA COM FUNDAMENTO NO ESTUDO DE NECESSIDADES, AN\u00c1LISE INFORMACIONAL, CONCEP\u00c7\u00c3O, PROTOTIPA\u00c7\u00c3O E EXPERIMENTA\u00c7\u00c3O COM VISTAS \u00c0 INOVA\u00c7\u00c3O [&hellip;]","og_url":"https:\/\/redes.unb.br\/index.php\/event\/chamada-publica-no-cade-002-2020-prorrogacao\/","og_site_name":"Engenharia de Redes de Comunica\u00e7\u00e3o","article_modified_time":"2022-03-11T14:00:14+00:00","og_image":[{"width":512,"height":163,"url":"https:\/\/redes.unb.br\/wp-content\/uploads\/2020\/01\/cade-logo-e1630448505761.png","type":"image\/png"}],"twitter_card":"summary_large_image","schema":{"@context":"https:\/\/schema.org","@graph":[{"@type":"WebPage","@id":"https:\/\/redes.unb.br\/index.php\/event\/chamada-publica-no-cade-002-2020-prorrogacao\/","url":"https:\/\/redes.unb.br\/index.php\/event\/chamada-publica-no-cade-002-2020-prorrogacao\/","name":"Chamada P\u00fablica n\u00ba CADE-001\/2020 \u2013 Prorroga\u00e7\u00e3o - Engenharia de Redes de Comunica\u00e7\u00e3o","isPartOf":{"@id":"https:\/\/redes.unb.br\/#website"},"primaryImageOfPage":{"@id":"https:\/\/redes.unb.br\/index.php\/event\/chamada-publica-no-cade-002-2020-prorrogacao\/#primaryimage"},"image":{"@id":"https:\/\/redes.unb.br\/index.php\/event\/chamada-publica-no-cade-002-2020-prorrogacao\/#primaryimage"},"thumbnailUrl":"https:\/\/redes.unb.br\/wp-content\/uploads\/2020\/01\/cade-logo-e1630448505761.png","datePublished":"2020-08-25T10:47:24+00:00","dateModified":"2022-03-11T14:00:14+00:00","breadcrumb":{"@id":"https:\/\/redes.unb.br\/index.php\/event\/chamada-publica-no-cade-002-2020-prorrogacao\/#breadcrumb"},"inLanguage":"pt-BR","potentialAction":[{"@type":"ReadAction","target":["https:\/\/redes.unb.br\/index.php\/event\/chamada-publica-no-cade-002-2020-prorrogacao\/"]}]},{"@type":"ImageObject","inLanguage":"pt-BR","@id":"https:\/\/redes.unb.br\/index.php\/event\/chamada-publica-no-cade-002-2020-prorrogacao\/#primaryimage","url":"https:\/\/redes.unb.br\/wp-content\/uploads\/2020\/01\/cade-logo-e1630448505761.png","contentUrl":"https:\/\/redes.unb.br\/wp-content\/uploads\/2020\/01\/cade-logo-e1630448505761.png","width":512,"height":163},{"@type":"BreadcrumbList","@id":"https:\/\/redes.unb.br\/index.php\/event\/chamada-publica-no-cade-002-2020-prorrogacao\/#breadcrumb","itemListElement":[{"@type":"ListItem","position":1,"name":"Home","item":"https:\/\/redes.unb.br\/"},{"@type":"ListItem","position":2,"name":"Eventos","item":"https:\/\/redes.unb.br\/index.php\/events\/"},{"@type":"ListItem","position":3,"name":"Chamada P\u00fablica n\u00ba CADE-001\/2020 \u2013 Prorroga\u00e7\u00e3o"}]},{"@type":"WebSite","@id":"https:\/\/redes.unb.br\/#website","url":"https:\/\/redes.unb.br\/","name":"Engenharia de Redes de Comunica\u00e7\u00e3o","description":"UnB - Engenharia de Redes de Comunica\u00e7\u00e3o","publisher":{"@id":"https:\/\/redes.unb.br\/#organization"},"potentialAction":[{"@type":"SearchAction","target":{"@type":"EntryPoint","urlTemplate":"https:\/\/redes.unb.br\/?s={search_term_string}"},"query-input":{"@type":"PropertyValueSpecification","valueRequired":true,"valueName":"search_term_string"}}],"inLanguage":"pt-BR"},{"@type":"Organization","@id":"https:\/\/redes.unb.br\/#organization","name":"Engenharia de Redes de Comunica\u00e7\u00e3o","url":"https:\/\/redes.unb.br\/","logo":{"@type":"ImageObject","inLanguage":"pt-BR","@id":"https:\/\/redes.unb.br\/#\/schema\/logo\/image\/","url":"https:\/\/redes.unb.br\/wp-content\/uploads\/2021\/03\/logoERC2021v3-e1618507382294.png","contentUrl":"https:\/\/redes.unb.br\/wp-content\/uploads\/2021\/03\/logoERC2021v3-e1618507382294.png","width":553,"height":240,"caption":"Engenharia de Redes de Comunica\u00e7\u00e3o"},"image":{"@id":"https:\/\/redes.unb.br\/#\/schema\/logo\/image\/"}}]}},"_links":{"self":[{"href":"https:\/\/redes.unb.br\/index.php\/wp-json\/wp\/v2\/tribe_events\/1536","targetHints":{"allow":["GET"]}}],"collection":[{"href":"https:\/\/redes.unb.br\/index.php\/wp-json\/wp\/v2\/tribe_events"}],"about":[{"href":"https:\/\/redes.unb.br\/index.php\/wp-json\/wp\/v2\/types\/tribe_events"}],"author":[{"embeddable":true,"href":"https:\/\/redes.unb.br\/index.php\/wp-json\/wp\/v2\/users\/1"}],"version-history":[{"count":12,"href":"https:\/\/redes.unb.br\/index.php\/wp-json\/wp\/v2\/tribe_events\/1536\/revisions"}],"predecessor-version":[{"id":1948,"href":"https:\/\/redes.unb.br\/index.php\/wp-json\/wp\/v2\/tribe_events\/1536\/revisions\/1948"}],"wp:featuredmedia":[{"embeddable":true,"href":"https:\/\/redes.unb.br\/index.php\/wp-json\/wp\/v2\/media\/1435"}],"wp:attachment":[{"href":"https:\/\/redes.unb.br\/index.php\/wp-json\/wp\/v2\/media?parent=1536"}],"wp:term":[{"taxonomy":"post_tag","embeddable":true,"href":"https:\/\/redes.unb.br\/index.php\/wp-json\/wp\/v2\/tags?post=1536"},{"taxonomy":"tribe_events_cat","embeddable":true,"href":"https:\/\/redes.unb.br\/index.php\/wp-json\/wp\/v2\/tribe_events_cat?post=1536"}],"curies":[{"name":"wp","href":"https:\/\/api.w.org\/{rel}","templated":true}]}}